{"id":3682,"date":"2023-10-05T13:42:14","date_gmt":"2023-10-05T13:42:14","guid":{"rendered":"https:\/\/lamatronagrafica.com\/gonzalezcolomer\/?page_id=3682"},"modified":"2023-10-06T10:16:57","modified_gmt":"2023-10-06T10:16:57","slug":"tratamientos","status":"publish","type":"page","link":"https:\/\/lamatronagrafica.com\/gonzalezcolomer\/tratamientos\/","title":{"rendered":"TRATAMIENTOS"},"content":{"rendered":"<section class=\"wpb-content-wrapper\"><p>[vc_row css=&#8221;.vc_custom_1459337282173{margin-bottom: 0px !important;}&#8221;][vc_column css=&#8221;.vc_custom_1696583930914{background-color: #ffffff !important;}&#8221;]<div class=\"clearboth\"><\/div><style>#thegem-divider-69f739b6b6d06 {margin-top: -50px !important;}<\/style><div id=\"thegem-divider-69f739b6b6d06\" class=\"gem-divider  \" style=\"\" ><\/div><div id=\"fullwidth-block-69f739b6b6d58\" class=\"fullwidth-block clearfix\"  style=\"background-color: #ffffff;padding-top: 150px;padding-bottom: 90px;\"><script type=\"text\/javascript\">if (typeof(gem_fix_fullwidth_position) == \"function\") { gem_fix_fullwidth_position(document.getElementById(\"fullwidth-block-69f739b6b6d58\")); }<\/script><div class=\"fullwidth-block-inner\"><div class=\"container\">[vc_column_text css_animation=&#8221;bottom-to-top&#8221;]<\/p>\n<h1 style=\"text-align: center;\"><span class=\"light\" style=\"color: #000000;\">TRATAMIENTOS DESTACADOS<\/span><\/h1>\n<p>[\/vc_column_text]<div class=\"clearboth\"><\/div><style>#thegem-divider-69f739b6b6e11 {margin-top: 25px !important;}<\/style><div id=\"thegem-divider-69f739b6b6e11\" class=\"gem-divider  \" style=\"border-color: #000000;\" ><\/div>[vc_separator color=&#8221;custom&#8221; border_width=&#8221;2&#8243; el_width=&#8221;20&#8243; css_animation=&#8221;bottom-to-top&#8221; accent_color=&#8221;#000000&#8243;]<div class=\"clearboth\"><\/div><style>#thegem-divider-69f739b6b6e3b {margin-top: 120px !important;}<\/style><div id=\"thegem-divider-69f739b6b6e3b\" class=\"gem-divider  \" style=\"\" ><\/div>[vc_row_inner el_disable_mobile=&#8221;1&#8243; el_class=&#8221;borders-style&#8221;][vc_column_inner width=&#8221;1\/2&#8243; css=&#8221;.vc_custom_1461318039174{padding-right: 60px !important;padding-bottom: 50px !important;padding-left: 60px !important;}&#8221; offset=&#8221;vc_col-lg-4 vc_col-md-4 vc_col-xs-12&#8243;][vc_column_text css_animation=&#8221;bottom-to-top&#8221;]<\/p>\n<h5><span style=\"color: #000000;\">IMPLANTES DENTALES<\/span><\/h5>\n<p>[\/vc_column_text][vc_column_text css_animation=&#8221;bottom-to-top&#8221;]<span style=\"color: #000000;\">Los implantes dentales son aditamentos, como ra\u00edces artificiales, creados para sustituir dientes ausentes o perdidos por cualquier causa, capaces de integrarse hasta el punto de convivir de forma sana y totalmente natural con el resto de los tejidos de la boca.<\/span>[\/vc_column_text]<div class=\"clearboth\"><\/div><style>#thegem-divider-69f739b6b6e5e {margin-top: 35px !important;}<\/style><div id=\"thegem-divider-69f739b6b6e5e\" class=\"gem-divider  \" style=\"\" ><\/div><div class=\"lazy-loading\" data-ll-item-delay=\"0\"><div class=\"gem-textbox  lazy-loading-item\"  data-ll-effect=\"move-up\" ><div class=\"gem-textbox-inner\" style=\"border-top-right-radius: 50px;border-bottom-right-radius: 50px;border-bottom-left-radius: 50px;\"><div class=\"gem-textbox-content\" style=\"background-image: url(https:\/\/lamatronagrafica.com\/gonzalezcolomer\/wp-content\/uploads\/2023\/10\/tac_dental.jpg);background-repeat: no-repeat; background-size: cover;background-position: left top;padding-top: 100px;padding-bottom: 100px;\"><\/div><\/div><\/div><\/div>[\/vc_column_inner][vc_column_inner el_class=&#8221;mozila-hack&#8221; width=&#8221;1\/2&#8243; css=&#8221;.vc_custom_1461318876954{padding-right: 60px !important;padding-bottom: 55px !important;padding-left: 60px !important;}&#8221; offset=&#8221;vc_col-lg-4 vc_col-md-4 vc_col-xs-12&#8243;]<div class=\"lazy-loading\" data-ll-item-delay=\"0\"><div class=\"gem-textbox  lazy-loading-item\"  data-ll-effect=\"move-up\" ><div class=\"gem-textbox-inner\" style=\"border-top-left-radius: 50px;border-top-right-radius: 50px;border-bottom-right-radius: 50px;\"><div class=\"gem-textbox-content\" style=\"background-image: url(https:\/\/lamatronagrafica.com\/gonzalezcolomer\/wp-content\/uploads\/2023\/09\/colomer_invi.jpg);background-repeat: no-repeat; background-size: cover;background-position: center top;padding-top: 100px;padding-bottom: 100px;\"><\/div><\/div><\/div><\/div><div class=\"clearboth\"><\/div><style>#thegem-divider-69f739b6b75cf {margin-top: 35px !important;}<\/style><div id=\"thegem-divider-69f739b6b75cf\" class=\"gem-divider  \" style=\"\" ><\/div>[vc_column_text css_animation=&#8221;bottom-to-top&#8221;]<\/p>\n<h5><span style=\"color: #000000;\">ORTODONCIA<\/span><\/h5>\n<p>[\/vc_column_text][vc_column_text css_animation=&#8221;bottom-to-top&#8221;]<span style=\"color: #000000;\">La Ortodoncia es una especialidad odontol\u00f3gica que estudia, previene y corrige las alteraciones del desarrollo, las formas de las arcadas dentarias y la posici\u00f3n de los maxilares, con el f\u00edn de restablecer el equilibrio morfol\u00f3gico y funcional de la boca y de la cara, mejorando tambi\u00e9n la est\u00e9tica facial.<\/span>[\/vc_column_text][\/vc_column_inner][vc_column_inner css=&#8221;.vc_custom_1461318078360{padding-right: 60px !important;padding-bottom: 50px !important;padding-left: 60px !important;}&#8221; offset=&#8221;vc_col-lg-4 vc_col-md-4 vc_col-xs-12&#8243;][vc_column_text css_animation=&#8221;bottom-to-top&#8221;]<\/p>\n<h5><span style=\"color: #000000;\">ODONTOPEDIATR\u00cdA<\/span><\/h5>\n<p>[\/vc_column_text][vc_column_text css_animation=&#8221;bottom-to-top&#8221;]<span style=\"color: #000000;\">La odontolog\u00eda pedi\u00e1trica u odontopediatr\u00eda, es una rama de la odontolog\u00eda que se encarga de tratar a los ni\u00f1os. El odontopediatra detectar\u00e1 posibles anomal\u00edas en la posici\u00f3n de los maxilares o dientes para remitir al ortodoncista, especialista en ortodoncia, y de hacer un tratamiento restaurador en caso de necesitarlo.<\/span>[\/vc_column_text]<div class=\"clearboth\"><\/div><style>#thegem-divider-69f739b6b75fa {margin-top: 35px !important;}<\/style><div id=\"thegem-divider-69f739b6b75fa\" class=\"gem-divider  \" style=\"\" ><\/div><div class=\"lazy-loading\" data-ll-item-delay=\"0\"><div class=\"gem-textbox  lazy-loading-item\"  data-ll-effect=\"move-up\" ><div class=\"gem-textbox-inner\" style=\"border-top-right-radius: 50px;border-bottom-right-radius: 50px;border-bottom-left-radius: 50px;\"><div class=\"gem-textbox-content\" style=\"background-image: url(https:\/\/lamatronagrafica.com\/gonzalezcolomer\/wp-content\/uploads\/2023\/10\/odontopedriatia.jpg);background-repeat: no-repeat; background-size: cover;background-position: center top;padding-top: 100px;padding-bottom: 100px;\"><\/div><\/div><\/div><\/div>[\/vc_column_inner][\/vc_row_inner][vc_row_inner el_disable_desktop=&#8221;1&#8243; el_disable_tablet=&#8221;1&#8243; el_class=&#8221;borders-style&#8221;][vc_column_inner width=&#8221;1\/2&#8243; css=&#8221;.vc_custom_1461318039174{padding-right: 60px !important;padding-bottom: 50px !important;padding-left: 60px !important;}&#8221; offset=&#8221;vc_col-lg-4 vc_col-md-4 vc_col-xs-12&#8243;][vc_column_text css_animation=&#8221;bottom-to-top&#8221;]<\/p>\n<h5><span style=\"color: #000000;\">IMPLANTES DENTALES<\/span><\/h5>\n<p>[\/vc_column_text][vc_column_text css_animation=&#8221;bottom-to-top&#8221;]<span style=\"color: #000000;\">Los implantes dentales son aditamentos, como ra\u00edces artificiales, creados para sustituir dientes ausentes o perdidos por cualquier causa, capaces de integrarse hasta el punto de convivir de forma sana y totalmente natural con el resto de los tejidos de la boca.<\/span>[\/vc_column_text]<div class=\"clearboth\"><\/div><style>#thegem-divider-69f739b6b7926 {margin-top: 35px !important;}<\/style><div id=\"thegem-divider-69f739b6b7926\" class=\"gem-divider  \" style=\"\" ><\/div><div class=\"lazy-loading\" data-ll-item-delay=\"0\"><div class=\"gem-textbox  lazy-loading-item\"  data-ll-effect=\"move-up\" ><div class=\"gem-textbox-inner\" style=\"border-top-right-radius: 50px;border-bottom-right-radius: 50px;border-bottom-left-radius: 50px;\"><div class=\"gem-textbox-content\" style=\"background-image: url(https:\/\/lamatronagrafica.com\/gonzalezcolomer\/wp-content\/uploads\/2023\/10\/tac_dental.jpg);background-repeat: no-repeat; background-size: cover;background-position: left top;padding-top: 100px;padding-bottom: 100px;\"><\/div><\/div><\/div><\/div>[\/vc_column_inner][vc_column_inner el_class=&#8221;mozila-hack&#8221; width=&#8221;1\/2&#8243; css=&#8221;.vc_custom_1461318876954{padding-right: 60px !important;padding-bottom: 55px !important;padding-left: 60px !important;}&#8221; offset=&#8221;vc_col-lg-4 vc_col-md-4 vc_col-xs-12&#8243;][vc_column_text css_animation=&#8221;bottom-to-top&#8221;]<\/p>\n<h5><span style=\"color: #000000;\">ORTODONCIA<\/span><\/h5>\n<p>[\/vc_column_text][vc_column_text css_animation=&#8221;bottom-to-top&#8221;]<span style=\"color: #000000;\">La Ortodoncia es una especialidad odontol\u00f3gica que estudia, previene y corrige las alteraciones del desarrollo, las formas de las arcadas dentarias y la posici\u00f3n de los maxilares, con el f\u00edn de restablecer el equilibrio morfol\u00f3gico y funcional de la boca y de la cara, mejorando tambi\u00e9n la est\u00e9tica facial.<\/span>[\/vc_column_text]<div class=\"clearboth\"><\/div><style>#thegem-divider-69f739b6b7997 {margin-top: 35px !important;}<\/style><div id=\"thegem-divider-69f739b6b7997\" class=\"gem-divider  \" style=\"\" ><\/div><div class=\"lazy-loading\" data-ll-item-delay=\"0\"><div class=\"gem-textbox  lazy-loading-item\"  data-ll-effect=\"move-up\" ><div class=\"gem-textbox-inner\" style=\"border-top-left-radius: 50px;border-top-right-radius: 50px;border-bottom-right-radius: 50px;\"><div class=\"gem-textbox-content\" style=\"background-image: url(https:\/\/lamatronagrafica.com\/gonzalezcolomer\/wp-content\/uploads\/2023\/09\/colomer_invi.jpg);background-repeat: no-repeat; background-size: cover;background-position: center top;padding-top: 100px;padding-bottom: 100px;\"><\/div><\/div><\/div><\/div>[\/vc_column_inner][vc_column_inner css=&#8221;.vc_custom_1461318078360{padding-right: 60px !important;padding-bottom: 50px !important;padding-left: 60px !important;}&#8221; offset=&#8221;vc_col-lg-4 vc_col-md-4 vc_col-xs-12&#8243;][vc_column_text css_animation=&#8221;bottom-to-top&#8221;]<\/p>\n<h5><span style=\"color: #000000;\">ODONTOPEDIATR\u00cdA<\/span><\/h5>\n<p>[\/vc_column_text][vc_column_text css_animation=&#8221;bottom-to-top&#8221;]<span style=\"color: #000000;\">La odontolog\u00eda pedi\u00e1trica u odontopediatr\u00eda, es una rama de la odontolog\u00eda que se encarga de tratar a los ni\u00f1os. El odontopediatra detectar\u00e1 posibles anomal\u00edas en la posici\u00f3n de los maxilares o dientes para remitir al ortodoncista, especialista en ortodoncia, y de hacer un tratamiento restaurador en caso de necesitarlo.<\/span>[\/vc_column_text]<div class=\"clearboth\"><\/div><style>#thegem-divider-69f739b6b79f4 {margin-top: 35px !important;}<\/style><div id=\"thegem-divider-69f739b6b79f4\" class=\"gem-divider  \" style=\"\" ><\/div><div class=\"lazy-loading\" data-ll-item-delay=\"0\"><div class=\"gem-textbox  lazy-loading-item\"  data-ll-effect=\"move-up\" ><div class=\"gem-textbox-inner\" style=\"border-top-right-radius: 50px;border-bottom-right-radius: 50px;border-bottom-left-radius: 50px;\"><div class=\"gem-textbox-content\" style=\"background-image: url(https:\/\/lamatronagrafica.com\/gonzalezcolomer\/wp-content\/uploads\/2023\/10\/odontopedriatia.jpg);background-repeat: no-repeat; background-size: cover;background-position: center top;padding-top: 100px;padding-bottom: 100px;\"><\/div><\/div><\/div><\/div>[\/vc_column_inner][\/vc_row_inner][vc_row_inner el_disable_mobile=&#8221;1&#8243; el_class=&#8221;borders-style-2&#8243; css=&#8221;.vc_custom_1696587323901{margin-top: -17px !important;}&#8221;][vc_column_inner width=&#8221;1\/2&#8243; css=&#8221;.vc_custom_1461319597390{padding-top: 70px !important;padding-right: 60px !important;padding-left: 60px !important;}&#8221; offset=&#8221;vc_col-lg-4 vc_col-md-4 vc_col-xs-12&#8243;][vc_column_text css_animation=&#8221;bottom-to-top&#8221;]<\/p>\n<h5><span style=\"color: #000000;\">BRUXISMO Y ATM<\/span><\/h5>\n<p>[\/vc_column_text][vc_column_text css_animation=&#8221;bottom-to-top&#8221;]<span style=\"color: #000000;\">Las personas que tienen bruxismo aprietan fuertemente los dientes superiores con los inferiores y los mueven de atr\u00e1s y a adelante y viceversa, la mayor\u00eda de las veces de forma inconsciente produciendo el desgaste de las piezas.<\/span>[\/vc_column_text]<div class=\"clearboth\"><\/div><style>#thegem-divider-69f739b6b7a48 {margin-top: 35px !important;}<\/style><div id=\"thegem-divider-69f739b6b7a48\" class=\"gem-divider  \" style=\"\" ><\/div><div class=\"lazy-loading\" data-ll-item-delay=\"0\"><div class=\"gem-textbox  lazy-loading-item\"  data-ll-effect=\"move-up\" ><div class=\"gem-textbox-inner\" style=\"border-top-right-radius: 50px;border-bottom-right-radius: 50px;border-bottom-left-radius: 50px;\"><div class=\"gem-textbox-content\" style=\"background-image: url(https:\/\/lamatronagrafica.com\/gonzalezcolomer\/wp-content\/uploads\/2023\/10\/flujo-digital_dental-1.jpg);background-repeat: no-repeat; background-size: cover;background-position: left top;padding-top: 100px;padding-bottom: 100px;\"><\/div><\/div><\/div><\/div>[\/vc_column_inner][vc_column_inner width=&#8221;1\/2&#8243; css=&#8221;.vc_custom_1461319613657{padding-top: 70px !important;padding-right: 60px !important;padding-left: 60px !important;}&#8221; offset=&#8221;vc_col-lg-4 vc_col-md-4 vc_col-xs-12&#8243;]<div class=\"lazy-loading\" data-ll-item-delay=\"0\"><div class=\"gem-textbox  lazy-loading-item\"  data-ll-effect=\"move-up\" ><div class=\"gem-textbox-inner\" style=\"border-top-left-radius: 50px;border-top-right-radius: 50px;border-bottom-right-radius: 50px;\"><div class=\"gem-textbox-content\" style=\"background-image: url(https:\/\/lamatronagrafica.com\/gonzalezcolomer\/wp-content\/uploads\/2023\/09\/cielo.jpg);background-repeat: no-repeat; background-size: cover;background-position: center top;padding-top: 100px;padding-bottom: 100px;\"><\/div><\/div><\/div><\/div><div class=\"clearboth\"><\/div><style>#thegem-divider-69f739b6b8165 {margin-top: 35px !important;}<\/style><div id=\"thegem-divider-69f739b6b8165\" class=\"gem-divider  \" style=\"\" ><\/div>[vc_column_text css_animation=&#8221;bottom-to-top&#8221;]<\/p>\n<h5><span style=\"color: #000000;\">ODONTOLOG\u00cdA EST\u00c9TICA Y REPARADORA<\/span><\/h5>\n<p>[\/vc_column_text][vc_column_text css_animation=&#8221;bottom-to-top&#8221;]<span style=\"color: #000000;\">Carillas, coronas y pr\u00f3tesis dental: Para la realizaci\u00f3n de nuestras pr\u00f3tesis solo contamos con aquellos laboratorios que tienen una avalada experiencia en tratar las cer\u00e1micas m\u00e1s resistentes y est\u00e9ticas. Consiguiendo as\u00ed que cada diente restaurado en nuestra cl\u00ednica sea lo m\u00e1s parecido posible a los dientes naturales del paciente.<\/span>[\/vc_column_text][\/vc_column_inner][vc_column_inner css=&#8221;.vc_custom_1461319635989{padding-top: 70px !important;padding-right: 60px !important;padding-left: 60px !important;}&#8221; offset=&#8221;vc_col-lg-4 vc_col-md-4 vc_col-xs-12&#8243;][vc_column_text css_animation=&#8221;bottom-to-top&#8221;]<\/p>\n<h5><span style=\"color: #000000;\">PERIODONCIA<\/span><\/h5>\n<p>[\/vc_column_text][vc_column_text css_animation=&#8221;bottom-to-top&#8221;]<span style=\"color: #000000;\">Es la rama de la odontolog\u00eda que trata las enfermedades de las enc\u00edas y del hueso que soporta al diente. Los malos h\u00e1bitos de higiene bucal, t\u00e9cnica deficiente de cepillado, h\u00e1bito de fumar, etc. ocasionan acumulaci\u00f3n de restos de alimentos y otros irritantes que favorecen la proliferaci\u00f3n de bacterias que producen substancias qu\u00edmicas que inflaman e irritan las enc\u00edas<\/span>[\/vc_column_text]<div class=\"clearboth\"><\/div><style>#thegem-divider-69f739b6b8182 {margin-top: 35px !important;}<\/style><div id=\"thegem-divider-69f739b6b8182\" class=\"gem-divider  \" style=\"\" ><\/div><div class=\"lazy-loading\" data-ll-item-delay=\"0\"><div class=\"gem-textbox  lazy-loading-item\"  data-ll-effect=\"move-up\" ><div class=\"gem-textbox-inner\" style=\"border-top-right-radius: 50px;border-bottom-right-radius: 50px;border-bottom-left-radius: 50px;\"><div class=\"gem-textbox-content\" style=\"background-image: url(https:\/\/lamatronagrafica.com\/gonzalezcolomer\/wp-content\/uploads\/2023\/10\/periodoncia.jpg);background-repeat: no-repeat; background-size: cover;background-position: center top;padding-top: 100px;padding-bottom: 100px;\"><\/div><\/div><\/div><\/div>[\/vc_column_inner][\/vc_row_inner][vc_row_inner el_disable_desktop=&#8221;1&#8243; el_disable_tablet=&#8221;1&#8243; el_class=&#8221;borders-style-2&#8243; css=&#8221;.vc_custom_1696587337002{margin-top: -17px !important;}&#8221;][vc_column_inner width=&#8221;1\/2&#8243; css=&#8221;.vc_custom_1461319597390{padding-top: 70px !important;padding-right: 60px !important;padding-left: 60px !important;}&#8221; offset=&#8221;vc_col-lg-4 vc_col-md-4 vc_col-xs-12&#8243;][vc_column_text css_animation=&#8221;bottom-to-top&#8221;]<\/p>\n<h5><span style=\"color: #000000;\">BRUXISMO Y ATM<\/span><\/h5>\n<p>[\/vc_column_text][vc_column_text css_animation=&#8221;bottom-to-top&#8221;]<span style=\"color: #000000;\">Las personas que tienen bruxismo aprietan fuertemente los dientes superiores con los inferiores y los mueven de atr\u00e1s y a adelante y viceversa, la mayor\u00eda de las veces de forma inconsciente produciendo el desgaste de las piezas.<\/span>[\/vc_column_text]<div class=\"clearboth\"><\/div><style>#thegem-divider-69f739b6b8500 {margin-top: 35px !important;}<\/style><div id=\"thegem-divider-69f739b6b8500\" class=\"gem-divider  \" style=\"\" ><\/div><div class=\"lazy-loading\" data-ll-item-delay=\"0\"><div class=\"gem-textbox  lazy-loading-item\"  data-ll-effect=\"move-up\" ><div class=\"gem-textbox-inner\" style=\"border-top-right-radius: 50px;border-bottom-right-radius: 50px;border-bottom-left-radius: 50px;\"><div class=\"gem-textbox-content\" style=\"background-image: url(https:\/\/lamatronagrafica.com\/gonzalezcolomer\/wp-content\/uploads\/2023\/10\/flujo-digital_dental-1.jpg);background-repeat: no-repeat; background-size: cover;background-position: left top;padding-top: 100px;padding-bottom: 100px;\"><\/div><\/div><\/div><\/div>[\/vc_column_inner][vc_column_inner width=&#8221;1\/2&#8243; css=&#8221;.vc_custom_1461319613657{padding-top: 70px !important;padding-right: 60px !important;padding-left: 60px !important;}&#8221; offset=&#8221;vc_col-lg-4 vc_col-md-4 vc_col-xs-12&#8243;][vc_column_text css_animation=&#8221;bottom-to-top&#8221;]<\/p>\n<h5><span style=\"color: #000000;\">ODONTOLOG\u00cdA EST\u00c9TICA Y REPARADORA<\/span><\/h5>\n<p>[\/vc_column_text][vc_column_text css_animation=&#8221;bottom-to-top&#8221;]<span style=\"color: #000000;\">Carillas, coronas y pr\u00f3tesis dental: Para la realizaci\u00f3n de nuestras pr\u00f3tesis solo contamos con aquellos laboratorios que tienen una avalada experiencia en tratar las cer\u00e1micas m\u00e1s resistentes y est\u00e9ticas. Consiguiendo as\u00ed que cada diente restaurado en nuestra cl\u00ednica sea lo m\u00e1s parecido posible a los dientes naturales del paciente.<\/span>[\/vc_column_text]<div class=\"clearboth\"><\/div><style>#thegem-divider-69f739b6b857f {margin-top: 35px !important;}<\/style><div id=\"thegem-divider-69f739b6b857f\" class=\"gem-divider  \" style=\"\" ><\/div><div class=\"lazy-loading\" data-ll-item-delay=\"0\"><div class=\"gem-textbox  lazy-loading-item\"  data-ll-effect=\"move-up\" ><div class=\"gem-textbox-inner\" style=\"border-top-left-radius: 50px;border-top-right-radius: 50px;border-bottom-right-radius: 50px;\"><div class=\"gem-textbox-content\" style=\"background-image: url(https:\/\/lamatronagrafica.com\/gonzalezcolomer\/wp-content\/uploads\/2023\/09\/cielo.jpg);background-repeat: no-repeat; background-size: cover;background-position: center top;padding-top: 100px;padding-bottom: 100px;\"><\/div><\/div><\/div><\/div>[\/vc_column_inner][vc_column_inner css=&#8221;.vc_custom_1461319635989{padding-top: 70px !important;padding-right: 60px !important;padding-left: 60px !important;}&#8221; offset=&#8221;vc_col-lg-4 vc_col-md-4 vc_col-xs-12&#8243;][vc_column_text css_animation=&#8221;bottom-to-top&#8221;]<\/p>\n<h5><span style=\"color: #000000;\">PERIODONCIA<\/span><\/h5>\n<p>[\/vc_column_text][vc_column_text css_animation=&#8221;bottom-to-top&#8221;]<span style=\"color: #000000;\">Es la rama de la odontolog\u00eda que trata las enfermedades de las enc\u00edas y del hueso que soporta al diente. Los malos h\u00e1bitos de higiene bucal, t\u00e9cnica deficiente de cepillado, h\u00e1bito de fumar, etc. ocasionan acumulaci\u00f3n de restos de alimentos y otros irritantes que favorecen la proliferaci\u00f3n de bacterias que producen substancias qu\u00edmicas que inflaman e irritan las enc\u00edas<\/span>[\/vc_column_text]<div class=\"clearboth\"><\/div><style>#thegem-divider-69f739b6b85d1 {margin-top: 35px !important;}<\/style><div id=\"thegem-divider-69f739b6b85d1\" class=\"gem-divider  \" style=\"\" ><\/div><div class=\"lazy-loading\" data-ll-item-delay=\"0\"><div class=\"gem-textbox  lazy-loading-item\"  data-ll-effect=\"move-up\" ><div class=\"gem-textbox-inner\" style=\"border-top-right-radius: 50px;border-bottom-right-radius: 50px;border-bottom-left-radius: 50px;\"><div class=\"gem-textbox-content\" style=\"background-image: url(https:\/\/lamatronagrafica.com\/gonzalezcolomer\/wp-content\/uploads\/2023\/10\/periodoncia.jpg);background-repeat: no-repeat; background-size: cover;background-position: center top;padding-top: 100px;padding-bottom: 100px;\"><\/div><\/div><\/div><\/div>[\/vc_column_inner][\/vc_row_inner]<\/div><\/div><\/div>[vc_row_inner el_disable_mobile=&#8221;1&#8243; el_class=&#8221;borders-style&#8221;][vc_column_inner width=&#8221;1\/2&#8243; css=&#8221;.vc_custom_1461318039174{padding-right: 60px !important;padding-bottom: 50px !important;padding-left: 60px !important;}&#8221; offset=&#8221;vc_col-lg-4 vc_col-md-4 vc_col-xs-12&#8243;][vc_column_text css_animation=&#8221;bottom-to-top&#8221;]<\/p>\n<h5><span style=\"color: #000000;\">BLANQUEAMIENTO DENTAL<\/span><\/h5>\n<p>[\/vc_column_text][vc_column_text css_animation=&#8221;bottom-to-top&#8221;]<span style=\"color: #000000;\">Es un tratamiento de est\u00e9tica general com\u00fanmente utilizado para mejorar la sonrisa y el aspecto bucodental del paciente. En funci\u00f3n de las piezas dentales y el color que presenten se pueden aclarar varios tonos el color de los dientes.<\/span>[\/vc_column_text]<div class=\"clearboth\"><\/div><style>#thegem-divider-69f739b6b8654 {margin-top: 35px !important;}<\/style><div id=\"thegem-divider-69f739b6b8654\" class=\"gem-divider  \" style=\"\" ><\/div><div class=\"lazy-loading\" data-ll-item-delay=\"0\"><div class=\"gem-textbox  lazy-loading-item\"  data-ll-effect=\"move-up\" ><div class=\"gem-textbox-inner\" style=\"border-top-right-radius: 50px;border-bottom-right-radius: 50px;border-bottom-left-radius: 50px;\"><div class=\"gem-textbox-content\" style=\"background-image: url(https:\/\/lamatronagrafica.com\/gonzalezcolomer\/wp-content\/uploads\/2023\/09\/tecnologia.jpg);background-repeat: no-repeat; background-size: cover;background-position: left top;padding-top: 100px;padding-bottom: 100px;\"><\/div><\/div><\/div><\/div>[\/vc_column_inner][vc_column_inner el_class=&#8221;mozila-hack&#8221; width=&#8221;1\/2&#8243; css=&#8221;.vc_custom_1461318876954{padding-right: 60px !important;padding-bottom: 55px !important;padding-left: 60px !important;}&#8221; offset=&#8221;vc_col-lg-4 vc_col-md-4 vc_col-xs-12&#8243;]<div class=\"lazy-loading\" data-ll-item-delay=\"0\"><div class=\"gem-textbox  lazy-loading-item\"  data-ll-effect=\"move-up\" ><div class=\"gem-textbox-inner\" style=\"border-top-left-radius: 50px;border-top-right-radius: 50px;border-bottom-right-radius: 50px;\"><div class=\"gem-textbox-content\" style=\"background-image: url(https:\/\/lamatronagrafica.com\/gonzalezcolomer\/wp-content\/uploads\/2023\/10\/endodoncia.png);background-repeat: no-repeat; background-size: cover;background-position: center top;padding-top: 100px;padding-bottom: 100px;\"><\/div><\/div><\/div><\/div><div class=\"clearboth\"><\/div><style>#thegem-divider-69f739b6b8ce5 {margin-top: 35px !important;}<\/style><div id=\"thegem-divider-69f739b6b8ce5\" class=\"gem-divider  \" style=\"\" ><\/div>[vc_column_text css_animation=&#8221;bottom-to-top&#8221;]<\/p>\n<h5><span style=\"color: #000000;\">ENDODONCIA<\/span><\/h5>\n<p>[\/vc_column_text][vc_column_text css_animation=&#8221;bottom-to-top&#8221;]<span style=\"color: #000000;\">La Ortodoncia es una especialidad odontol\u00f3gica que estudia, previene y corrige las alteraciones del desarrollo, las formas de las arcadas dentarias y la posici\u00f3n de los maxilares, con el f\u00edn de restablecer el equilibrio morfol\u00f3gico y funcional de la boca y de la cara, mejorando tambi\u00e9n la est\u00e9tica facial.<\/span>[\/vc_column_text][\/vc_column_inner][vc_column_inner css=&#8221;.vc_custom_1461318078360{padding-right: 60px !important;padding-bottom: 50px !important;padding-left: 60px !important;}&#8221; offset=&#8221;vc_col-lg-4 vc_col-md-4 vc_col-xs-12&#8243;][vc_column_text css_animation=&#8221;bottom-to-top&#8221;]<\/p>\n<h5><span style=\"color: #000000;\">CARIES<\/span><\/h5>\n<p>[\/vc_column_text][vc_column_text css_animation=&#8221;bottom-to-top&#8221;]<span style=\"color: #000000;\">La caries dental es una infecci\u00f3n del diente; es una enfermedad bacteriana destructiva de las estructuras dentales producida por una serie de microbios que viven en nuestra boca. Las caries son, adem\u00e1s, la enfermedad cr\u00f3nica infantil m\u00e1s com\u00fan.<\/span>[\/vc_column_text]<div class=\"clearboth\"><\/div><style>#thegem-divider-69f739b6b8d0f {margin-top: 35px !important;}<\/style><div id=\"thegem-divider-69f739b6b8d0f\" class=\"gem-divider  \" style=\"\" ><\/div><div class=\"lazy-loading\" data-ll-item-delay=\"0\"><div class=\"gem-textbox  lazy-loading-item\"  data-ll-effect=\"move-up\" ><div class=\"gem-textbox-inner\" style=\"border-top-right-radius: 50px;border-bottom-right-radius: 50px;border-bottom-left-radius: 50px;\"><div class=\"gem-textbox-content\" style=\"background-image: url(https:\/\/lamatronagrafica.com\/gonzalezcolomer\/wp-content\/uploads\/2023\/10\/caries-interdentales-que-son-tratamiento-como-detectarlas.jpg);background-repeat: no-repeat; background-size: cover;background-position: center top;padding-top: 100px;padding-bottom: 100px;\"><\/div><\/div><\/div><\/div>[\/vc_column_inner][\/vc_row_inner][vc_row_inner el_disable_desktop=&#8221;1&#8243; el_disable_tablet=&#8221;1&#8243; el_class=&#8221;borders-style&#8221;][vc_column_inner width=&#8221;1\/2&#8243; css=&#8221;.vc_custom_1461318039174{padding-right: 60px !important;padding-bottom: 50px !important;padding-left: 60px !important;}&#8221; offset=&#8221;vc_col-lg-4 vc_col-md-4 vc_col-xs-12&#8243;][vc_column_text css_animation=&#8221;bottom-to-top&#8221;]<\/p>\n<h5><span style=\"color: #000000;\">BLANQUEAMIENTO DENTAL<\/span><\/h5>\n<p>[\/vc_column_text][vc_column_text css_animation=&#8221;bottom-to-top&#8221;]<span style=\"color: #000000;\">Es un tratamiento de est\u00e9tica general com\u00fanmente utilizado para mejorar la sonrisa y el aspecto bucodental del paciente. En funci\u00f3n de las piezas dentales y el color que presenten se pueden aclarar varios tonos el color de los dientes.<\/span>[\/vc_column_text]<div class=\"clearboth\"><\/div><style>#thegem-divider-69f739b6b9073 {margin-top: 35px !important;}<\/style><div id=\"thegem-divider-69f739b6b9073\" class=\"gem-divider  \" style=\"\" ><\/div><div class=\"lazy-loading\" data-ll-item-delay=\"0\"><div class=\"gem-textbox  lazy-loading-item\"  data-ll-effect=\"move-up\" ><div class=\"gem-textbox-inner\" style=\"border-top-right-radius: 50px;border-bottom-right-radius: 50px;border-bottom-left-radius: 50px;\"><div class=\"gem-textbox-content\" style=\"background-image: url(https:\/\/lamatronagrafica.com\/gonzalezcolomer\/wp-content\/uploads\/2023\/09\/tecnologia.jpg);background-repeat: no-repeat; background-size: cover;background-position: left top;padding-top: 100px;padding-bottom: 100px;\"><\/div><\/div><\/div><\/div>[\/vc_column_inner][vc_column_inner el_class=&#8221;mozila-hack&#8221; width=&#8221;1\/2&#8243; css=&#8221;.vc_custom_1461318876954{padding-right: 60px !important;padding-bottom: 55px !important;padding-left: 60px !important;}&#8221; offset=&#8221;vc_col-lg-4 vc_col-md-4 vc_col-xs-12&#8243;][vc_column_text css_animation=&#8221;bottom-to-top&#8221;]<\/p>\n<h5><span style=\"color: #000000;\">ENDODONCIA<\/span><\/h5>\n<p>[\/vc_column_text][vc_column_text css_animation=&#8221;bottom-to-top&#8221;]<span style=\"color: #000000;\">La Ortodoncia es una especialidad odontol\u00f3gica que estudia, previene y corrige las alteraciones del desarrollo, las formas de las arcadas dentarias y la posici\u00f3n de los maxilares, con el f\u00edn de restablecer el equilibrio morfol\u00f3gico y funcional de la boca y de la cara, mejorando tambi\u00e9n la est\u00e9tica facial.<\/span>[\/vc_column_text]<div class=\"clearboth\"><\/div><style>#thegem-divider-69f739b6b90d6 {margin-top: 35px !important;}<\/style><div id=\"thegem-divider-69f739b6b90d6\" class=\"gem-divider  \" style=\"\" ><\/div><div class=\"lazy-loading\" data-ll-item-delay=\"0\"><div class=\"gem-textbox  lazy-loading-item\"  data-ll-effect=\"move-up\" ><div class=\"gem-textbox-inner\" style=\"border-top-left-radius: 50px;border-top-right-radius: 50px;border-bottom-right-radius: 50px;\"><div class=\"gem-textbox-content\" style=\"background-image: url(https:\/\/lamatronagrafica.com\/gonzalezcolomer\/wp-content\/uploads\/2023\/10\/endodoncia.png);background-repeat: no-repeat; background-size: cover;background-position: center top;padding-top: 100px;padding-bottom: 100px;\"><\/div><\/div><\/div><\/div>[\/vc_column_inner][vc_column_inner css=&#8221;.vc_custom_1461318078360{padding-right: 60px !important;padding-bottom: 50px !important;padding-left: 60px !important;}&#8221; offset=&#8221;vc_col-lg-4 vc_col-md-4 vc_col-xs-12&#8243;][vc_column_text css_animation=&#8221;bottom-to-top&#8221;]<\/p>\n<h5><span style=\"color: #000000;\">CARIES<\/span><\/h5>\n<p>[\/vc_column_text][vc_column_text css_animation=&#8221;bottom-to-top&#8221;]<span style=\"color: #000000;\">La caries dental es una infecci\u00f3n del diente; es una enfermedad bacteriana destructiva de las estructuras dentales producida por una serie de microbios que viven en nuestra boca. Las caries son, adem\u00e1s, la enfermedad cr\u00f3nica infantil m\u00e1s com\u00fan.<\/span>[\/vc_column_text]<div class=\"clearboth\"><\/div><style>#thegem-divider-69f739b6b9134 {margin-top: 35px !important;}<\/style><div id=\"thegem-divider-69f739b6b9134\" class=\"gem-divider  \" style=\"\" ><\/div><div class=\"lazy-loading\" data-ll-item-delay=\"0\"><div class=\"gem-textbox  lazy-loading-item\"  data-ll-effect=\"move-up\" ><div class=\"gem-textbox-inner\" style=\"border-top-right-radius: 50px;border-bottom-right-radius: 50px;border-bottom-left-radius: 50px;\"><div class=\"gem-textbox-content\" style=\"background-image: url(https:\/\/lamatronagrafica.com\/gonzalezcolomer\/wp-content\/uploads\/2023\/10\/caries-interdentales-que-son-tratamiento-como-detectarlas.jpg);background-repeat: no-repeat; background-size: cover;background-position: center top;padding-top: 100px;padding-bottom: 100px;\"><\/div><\/div><\/div><\/div>[\/vc_column_inner][\/vc_row_inner][\/vc_column][\/vc_row][vc_row full_width=&#8221;stretch_row&#8221; gap=&#8221;15&#8243; equal_height=&#8221;yes&#8221; content_placement=&#8221;middle&#8221; css_animation=&#8221;none&#8221; css=&#8221;.vc_custom_1696102282390{margin-bottom: 0px !important;padding-top: 15px !important;padding-bottom: 15px !important;background-color: #000000 !important;background-position: center !important;background-repeat: no-repeat !important;background-size: cover !important;}&#8221; el_class=&#8221;st-hero&#8221;][vc_column width=&#8221;1\/4&#8243; offset=&#8221;vc_col-lg-4&#8243;][vc_custom_heading text=&#8221;ESPECIALISTAS EN IMPLANTOLOG\u00cdA&#8221; font_container=&#8221;tag:h2|font_size:28|text_align:left|color:%23ffffff|line_height:1&#8243; use_theme_fonts=&#8221;yes&#8221;][\/vc_column][vc_column width=&#8221;1\/2&#8243; offset=&#8221;vc_col-lg-5&#8243;][vc_column_text css_animation=&#8221;none&#8221; el_class=&#8221;line-before-text&#8221;]<\/p>\n<div class=\"styled-subtitle\" style=\"overflow-wrap: break-word; max-width: 610px; text-align: center;\"><span style=\"color: #ffffff;\">EN Gonz\u00e1lez Colomer te sentir\u00e1s como en casa, nada nos gusta m\u00e1s que una buena sonrisa, tu sonrisa<\/span><\/div>\n<p>[\/vc_column_text][\/vc_column][vc_column width=&#8221;1\/4&#8243; offset=&#8221;vc_col-lg-3&#8243;]<style type=\"text\/css\">.thegem-button-69f739b6b920b9322 .gem-button svg {fill: #000000;}.thegem-button-69f739b6b920b9322 .gem-button:hover svg {fill: #ffffff;}<\/style><div class=\"gem-button-container gem-button-position-center thegem-button-69f739b6b920b9322    \"  ><a title=\"Pedir Cita\" class=\"gem-button gem-button-size-medium gem-button-style-flat gem-button-text-weight-thin\" data-ll-effect=\"drop-right-without-wrap\" style=\"border-radius: 25px;background-color: #ffffff;color: #000000;\" onmouseleave=\"this.style.backgroundColor='#ffffff';this.style.color='#000000';\" onmouseenter=\"this.style.backgroundColor='#9e9e9e';this.style.color='#ffffff';\" href=\"https:\/\/lamatronagrafica.com\/gonzalezcolomer\/pedir-cita\/\" target=\"_self\">\u00a1 PIDE TU CITA !<\/a><\/div> [\/vc_column][\/vc_row]<\/p>\n<\/section>","protected":false},"excerpt":{"rendered":"<p>[vc_row css=&#8221;.vc_custom_1459337282173{margin-bottom: 0px !important;}&#8221;][vc_column css=&#8221;.vc_custom_1696583930914{background-color: #ffffff !important;}&#8221;][vc_row_inner el_disable_mobile=&#8221;1&#8243; el_class=&#8221;borders-style&#8221;][vc_column_inner width=&#8221;1\/2&#8243; css=&#8221;.vc_custom_1461318039174{padding-right: 60px !important;padding-bottom: 50px !important;padding-left: 60px !important;}&#8221; offset=&#8221;vc_col-lg-4 vc_col-md-4 vc_col-xs-12&#8243;][vc_column_text&#8230;<\/p>\n","protected":false},"author":1,"featured_media":0,"parent":0,"menu_order":0,"comment_status":"closed","ping_status":"closed","template":"","meta":{"footnotes":""},"class_list":["post-3682","page","type-page","status-publish"],"_links":{"self":[{"href":"https:\/\/lamatronagrafica.com\/gonzalezcolomer\/wp-json\/wp\/v2\/pages\/3682","targetHints":{"allow":["GET"]}}],"collection":[{"href":"https:\/\/lamatronagrafica.com\/gonzalezcolomer\/wp-json\/wp\/v2\/pages"}],"about":[{"href":"https:\/\/lamatronagrafica.com\/gonzalezcolomer\/wp-json\/wp\/v2\/types\/page"}],"author":[{"embeddable":true,"href":"https:\/\/lamatronagrafica.com\/gonzalezcolomer\/wp-json\/wp\/v2\/users\/1"}],"replies":[{"embeddable":true,"href":"https:\/\/lamatronagrafica.com\/gonzalezcolomer\/wp-json\/wp\/v2\/comments?post=3682"}],"version-history":[{"count":8,"href":"https:\/\/lamatronagrafica.com\/gonzalezcolomer\/wp-json\/wp\/v2\/pages\/3682\/revisions"}],"predecessor-version":[{"id":3696,"href":"https:\/\/lamatronagrafica.com\/gonzalezcolomer\/wp-json\/wp\/v2\/pages\/3682\/revisions\/3696"}],"wp:attachment":[{"href":"https:\/\/lamatronagrafica.com\/gonzalezcolomer\/wp-json\/wp\/v2\/media?parent=3682"}],"curies":[{"name":"wp","href":"https:\/\/api.w.org\/{rel}","templated":true}]}}